{"id":2989,"date":"2021-09-16T11:34:39","date_gmt":"2021-09-16T09:34:39","guid":{"rendered":"https:\/\/www.francocesarini.com\/works\/omaggio-a-bellini\/"},"modified":"2022-06-04T21:59:48","modified_gmt":"2022-06-04T19:59:48","slug":"omaggio-a-bellini-franco-cesarini-blasorchester","status":"publish","type":"works","link":"https:\/\/www.francocesarini.com\/de\/werke\/omaggio-a-bellini-franco-cesarini-blasorchester\/","title":{"rendered":"Omaggio a Bellini"},"content":{"rendered":"\n<figure class=\"wp-block-table\"><table><tbody><tr><td>Inspiriert von den Opern Bellinis schuf Saverio Mercadante diese kontrastreiche Ouvert\u00fcre aus lyrischen und dramatischen Momenten seiner eigenen Werke. Diese Bearbeitung von Franco Cesarini er\u00f6ffnet modernen Blasorchestern den Zugang zu einer Komposition, die aufgrund ihrer veralteten Instrumentierung f\u00fcr immer verloren gewesen w\u00e4re.<\/td><\/tr><\/tbody><\/table><\/figure>\n","protected":false},"featured_media":2990,"template":"","works_category":[84,94],"acf":[],"yoast_head":"<!-- This site is optimized with the Yoast SEO plugin v20.11 - https:\/\/yoast.com\/wordpress\/plugins\/seo\/ -->\n<title>Omaggio a Bellini - Cesarini<\/title>\n<meta name=\"description\" content=\"Omaggio a Bellini f\u00fcr Blasorchester: Diese Bearbeitung von Franco Cesarini er\u00f6ffnet modernen Blasorchestern den Zugang zu einer Komposition, die aufgrund ihrer veralteten Instrumentierung f\u00fcr immer verloren gewesen w\u00e4re.\" \/>\n<meta name=\"robots\" content=\"index, follow, max-snippet:-1, max-image-preview:large, max-video-preview:-1\" \/>\n<link rel=\"canonical\" href=\"https:\/\/www.francocesarini.com\/de\/werke\/omaggio-a-bellini-franco-cesarini-blasorchester\/\" \/>\n<meta property=\"og:locale\" content=\"de_DE\" \/>\n<meta property=\"og:type\" content=\"article\" \/>\n<meta property=\"og:title\" content=\"Omaggio a Bellini - Cesarini\" \/>\n<meta property=\"og:description\" content=\"Omaggio a Bellini f\u00fcr Blasorchester: Diese Bearbeitung von Franco Cesarini er\u00f6ffnet modernen Blasorchestern den Zugang zu einer Komposition, die aufgrund ihrer veralteten Instrumentierung f\u00fcr immer verloren gewesen w\u00e4re.\" \/>\n<meta property=\"og:url\" content=\"https:\/\/www.francocesarini.com\/de\/werke\/omaggio-a-bellini-franco-cesarini-blasorchester\/\" \/>\n<meta property=\"og:site_name\" content=\"Cesarini\" \/>\n<meta property=\"article:modified_time\" content=\"2022-06-04T19:59:48+00:00\" \/>\n<meta property=\"og:image\" content=\"https:\/\/www.francocesarini.com\/wp-content\/uploads\/2021\/09\/1730-11-010-M.jpg\" \/>\n\t<meta property=\"og:image:width\" content=\"454\" \/>\n\t<meta property=\"og:image:height\" content=\"648\" \/>\n\t<meta property=\"og:image:type\" content=\"image\/jpeg\" \/>\n<meta name=\"twitter:card\" content=\"summary_large_image\" \/>\n<script type=\"application\/ld+json\" class=\"yoast-schema-graph\">{\"@context\":\"https:\/\/schema.org\",\"@graph\":[{\"@type\":\"WebPage\",\"@id\":\"https:\/\/www.francocesarini.com\/de\/werke\/omaggio-a-bellini-franco-cesarini-blasorchester\/\",\"url\":\"https:\/\/www.francocesarini.com\/de\/werke\/omaggio-a-bellini-franco-cesarini-blasorchester\/\",\"name\":\"Omaggio a Bellini - Cesarini\",\"isPartOf\":{\"@id\":\"https:\/\/www.francocesarini.com\/de\/#website\"},\"datePublished\":\"2021-09-16T09:34:39+00:00\",\"dateModified\":\"2022-06-04T19:59:48+00:00\",\"description\":\"Omaggio a Bellini f\u00fcr Blasorchester: Diese Bearbeitung von Franco Cesarini er\u00f6ffnet modernen Blasorchestern den Zugang zu einer Komposition, die aufgrund ihrer veralteten Instrumentierung f\u00fcr immer verloren gewesen w\u00e4re.\",\"breadcrumb\":{\"@id\":\"https:\/\/www.francocesarini.com\/de\/werke\/omaggio-a-bellini-franco-cesarini-blasorchester\/#breadcrumb\"},\"inLanguage\":\"de-DE\",\"potentialAction\":[{\"@type\":\"ReadAction\",\"target\":[\"https:\/\/www.francocesarini.com\/de\/werke\/omaggio-a-bellini-franco-cesarini-blasorchester\/\"]}]},{\"@type\":\"BreadcrumbList\",\"@id\":\"https:\/\/www.francocesarini.com\/de\/werke\/omaggio-a-bellini-franco-cesarini-blasorchester\/#breadcrumb\",\"itemListElement\":[{\"@type\":\"ListItem\",\"position\":1,\"name\":\"Home\",\"item\":\"https:\/\/www.francocesarini.com\/de\/\"},{\"@type\":\"ListItem\",\"position\":2,\"name\":\"Werke\",\"item\":\"https:\/\/www.francocesarini.com\/de\/werke\/\"},{\"@type\":\"ListItem\",\"position\":3,\"name\":\"Omaggio a Bellini\"}]},{\"@type\":\"WebSite\",\"@id\":\"https:\/\/www.francocesarini.com\/de\/#website\",\"url\":\"https:\/\/www.francocesarini.com\/de\/\",\"name\":\"Cesarini\",\"description\":\"Composer and Publisher\",\"publisher\":{\"@id\":\"https:\/\/www.francocesarini.com\/de\/#\/schema\/person\/33f40be6be20ae6e85a1344113c1b9fb\"},\"potentialAction\":[{\"@type\":\"SearchAction\",\"target\":{\"@type\":\"EntryPoint\",\"urlTemplate\":\"https:\/\/www.francocesarini.com\/de\/?s={search_term_string}\"},\"query-input\":\"required name=search_term_string\"}],\"inLanguage\":\"de-DE\"},{\"@type\":[\"Person\",\"Organization\"],\"@id\":\"https:\/\/www.francocesarini.com\/de\/#\/schema\/person\/33f40be6be20ae6e85a1344113c1b9fb\",\"name\":\"Franco Cesarini\",\"image\":{\"@type\":\"ImageObject\",\"inLanguage\":\"de-DE\",\"@id\":\"https:\/\/www.francocesarini.com\/de\/#\/schema\/person\/image\/\",\"url\":\"https:\/\/www.francocesarini.com\/wp-content\/uploads\/2021\/06\/logo_svg.svg\",\"contentUrl\":\"https:\/\/www.francocesarini.com\/wp-content\/uploads\/2021\/06\/logo_svg.svg\",\"width\":270,\"height\":96,\"caption\":\"Franco Cesarini\"},\"logo\":{\"@id\":\"https:\/\/www.francocesarini.com\/de\/#\/schema\/person\/image\/\"}}]}<\/script>\n<!-- \/ Yoast SEO plugin. -->","yoast_head_json":{"title":"Omaggio a Bellini - Cesarini","description":"Omaggio a Bellini f\u00fcr Blasorchester: Diese Bearbeitung von Franco Cesarini er\u00f6ffnet modernen Blasorchestern den Zugang zu einer Komposition, die aufgrund ihrer veralteten Instrumentierung f\u00fcr immer verloren gewesen w\u00e4re.","robots":{"index":"index","follow":"follow","max-snippet":"max-snippet:-1","max-image-preview":"max-image-preview:large","max-video-preview":"max-video-preview:-1"},"canonical":"https:\/\/www.francocesarini.com\/de\/werke\/omaggio-a-bellini-franco-cesarini-blasorchester\/","og_locale":"de_DE","og_type":"article","og_title":"Omaggio a Bellini - Cesarini","og_description":"Omaggio a Bellini f\u00fcr Blasorchester: Diese Bearbeitung von Franco Cesarini er\u00f6ffnet modernen Blasorchestern den Zugang zu einer Komposition, die aufgrund ihrer veralteten Instrumentierung f\u00fcr immer verloren gewesen w\u00e4re.","og_url":"https:\/\/www.francocesarini.com\/de\/werke\/omaggio-a-bellini-franco-cesarini-blasorchester\/","og_site_name":"Cesarini","article_modified_time":"2022-06-04T19:59:48+00:00","og_image":[{"width":454,"height":648,"url":"https:\/\/www.francocesarini.com\/wp-content\/uploads\/2021\/09\/1730-11-010-M.jpg","type":"image\/jpeg"}],"twitter_card":"summary_large_image","schema":{"@context":"https:\/\/schema.org","@graph":[{"@type":"WebPage","@id":"https:\/\/www.francocesarini.com\/de\/werke\/omaggio-a-bellini-franco-cesarini-blasorchester\/","url":"https:\/\/www.francocesarini.com\/de\/werke\/omaggio-a-bellini-franco-cesarini-blasorchester\/","name":"Omaggio a Bellini - Cesarini","isPartOf":{"@id":"https:\/\/www.francocesarini.com\/de\/#website"},"datePublished":"2021-09-16T09:34:39+00:00","dateModified":"2022-06-04T19:59:48+00:00","description":"Omaggio a Bellini f\u00fcr Blasorchester: Diese Bearbeitung von Franco Cesarini er\u00f6ffnet modernen Blasorchestern den Zugang zu einer Komposition, die aufgrund ihrer veralteten Instrumentierung f\u00fcr immer verloren gewesen w\u00e4re.","breadcrumb":{"@id":"https:\/\/www.francocesarini.com\/de\/werke\/omaggio-a-bellini-franco-cesarini-blasorchester\/#breadcrumb"},"inLanguage":"de-DE","potentialAction":[{"@type":"ReadAction","target":["https:\/\/www.francocesarini.com\/de\/werke\/omaggio-a-bellini-franco-cesarini-blasorchester\/"]}]},{"@type":"BreadcrumbList","@id":"https:\/\/www.francocesarini.com\/de\/werke\/omaggio-a-bellini-franco-cesarini-blasorchester\/#breadcrumb","itemListElement":[{"@type":"ListItem","position":1,"name":"Home","item":"https:\/\/www.francocesarini.com\/de\/"},{"@type":"ListItem","position":2,"name":"Werke","item":"https:\/\/www.francocesarini.com\/de\/werke\/"},{"@type":"ListItem","position":3,"name":"Omaggio a Bellini"}]},{"@type":"WebSite","@id":"https:\/\/www.francocesarini.com\/de\/#website","url":"https:\/\/www.francocesarini.com\/de\/","name":"Cesarini","description":"Composer and Publisher","publisher":{"@id":"https:\/\/www.francocesarini.com\/de\/#\/schema\/person\/33f40be6be20ae6e85a1344113c1b9fb"},"potentialAction":[{"@type":"SearchAction","target":{"@type":"EntryPoint","urlTemplate":"https:\/\/www.francocesarini.com\/de\/?s={search_term_string}"},"query-input":"required name=search_term_string"}],"inLanguage":"de-DE"},{"@type":["Person","Organization"],"@id":"https:\/\/www.francocesarini.com\/de\/#\/schema\/person\/33f40be6be20ae6e85a1344113c1b9fb","name":"Franco Cesarini","image":{"@type":"ImageObject","inLanguage":"de-DE","@id":"https:\/\/www.francocesarini.com\/de\/#\/schema\/person\/image\/","url":"https:\/\/www.francocesarini.com\/wp-content\/uploads\/2021\/06\/logo_svg.svg","contentUrl":"https:\/\/www.francocesarini.com\/wp-content\/uploads\/2021\/06\/logo_svg.svg","width":270,"height":96,"caption":"Franco Cesarini"},"logo":{"@id":"https:\/\/www.francocesarini.com\/de\/#\/schema\/person\/image\/"}}]}},"_links":{"self":[{"href":"https:\/\/www.francocesarini.com\/de\/wp-json\/wp\/v2\/works\/2989"}],"collection":[{"href":"https:\/\/www.francocesarini.com\/de\/wp-json\/wp\/v2\/works"}],"about":[{"href":"https:\/\/www.francocesarini.com\/de\/wp-json\/wp\/v2\/types\/works"}],"version-history":[{"count":0,"href":"https:\/\/www.francocesarini.com\/de\/wp-json\/wp\/v2\/works\/2989\/revisions"}],"wp:featuredmedia":[{"embeddable":true,"href":"https:\/\/www.francocesarini.com\/de\/wp-json\/wp\/v2\/media\/2990"}],"wp:attachment":[{"href":"https:\/\/www.francocesarini.com\/de\/wp-json\/wp\/v2\/media?parent=2989"}],"wp:term":[{"taxonomy":"works_category","embeddable":true,"href":"https:\/\/www.francocesarini.com\/de\/wp-json\/wp\/v2\/works_category?post=2989"}],"curies":[{"name":"wp","href":"https:\/\/api.w.org\/{rel}","templated":true}]}}